{"id":2296,"date":"2019-12-19T12:23:22","date_gmt":"2019-12-19T12:23:22","guid":{"rendered":"http:\/\/mobau-pro.de\/?page_id=2296"},"modified":"2026-04-16T08:33:09","modified_gmt":"2026-04-16T07:33:09","slug":"uberuns","status":"publish","type":"page","link":"https:\/\/mobau-pro.de\/index.php\/uberuns\/","title":{"rendered":"\u00dcber uns"},"content":{"rendered":"<p><div class=\"fusion-fullwidth fullwidth-box fusion-builder-row-1 hundred-percent-fullwidth non-hundred-percent-height-scrolling\" style=\"background-color: rgba(255,255,255,0);background-position: center center;background-repeat: no-repeat;box-shadow: 0px 0px #000000;padding-top:0px;padding-right:0px;padding-bottom:0px;padding-left:0px;margin-bottom: 0px;margin-top: 0px;border-width: 0px 0px 0px 0px;border-color:#eae9e9;border-style:solid;\" ><div class=\"fusion-builder-row fusion-row\"><div class=\"fusion-layout-column fusion_builder_column fusion-builder-column-0 fusion_builder_column_1_1 1_1 fusion-one-full fusion-column-first fusion-column-last\" style=\"margin-top:0px;margin-bottom:0px;\"><div class=\"fusion-column-wrapper fusion-flex-column-wrapper-legacy\" style=\"background-position:center center;background-repeat:no-repeat;-webkit-background-size:cover;-moz-background-size:cover;-o-background-size:cover;background-size:cover;padding: 0px 0px 0px 0px;\"><div class=\"imageframe-align-center\"><style>.fusion-image-frame-bottomshadow.image-frame-shadow-1{display:inline-block}.element-bottomshadow.imageframe-1:before, .element-bottomshadow.imageframe-1:after{-webkit-box-shadow: 0 17px 10px rgba(0,0,0,0.4);box-shadow: 0 17px 10px rgba(0,0,0,0.4);}<\/style><div class=\"awb-image-frame awb-image-frame-1 fusion-image-frame-bottomshadow element-bottomshadow image-frame-shadow-1\"><span class=\" fusion-imageframe imageframe-bottomshadow imageframe-1 element-bottomshadow hover-type-zoomin\"><img decoding=\"async\" width=\"2560\" height=\"1440\" title=\"DSCF2683\" src=\"https:\/\/mobau-pro.de\/wp-content\/uploads\/2016\/01\/DSCF2683-scaled.jpg\" alt class=\"img-responsive wp-image-1737\" srcset=\"https:\/\/mobau-pro.de\/wp-content\/uploads\/2016\/01\/DSCF2683-300x169.jpg 300w, https:\/\/mobau-pro.de\/wp-content\/uploads\/2016\/01\/DSCF2683-768x432.jpg 768w, https:\/\/mobau-pro.de\/wp-content\/uploads\/2016\/01\/DSCF2683-1024x576.jpg 1024w, https:\/\/mobau-pro.de\/wp-content\/uploads\/2016\/01\/DSCF2683-1536x864.jpg 1536w, https:\/\/mobau-pro.de\/wp-content\/uploads\/2016\/01\/DSCF2683-scaled.jpg 2560w\" sizes=\"(max-width: 2560px) 100vw, 2560px\" \/><\/span><\/div><\/div><div class=\"fusion-clearfix\"><\/div><\/div><\/div><\/div><\/div><div class=\"fusion-fullwidth fullwidth-box fusion-builder-row-2 nonhundred-percent-fullwidth non-hundred-percent-height-scrolling\" style=\"background-color: rgba(255,255,255,0);background-position: center center;background-repeat: no-repeat;padding-top:0px;padding-right:0px;padding-bottom:0px;padding-left:0px;margin-bottom: 0px;margin-top: 0px;border-width: 0px 0px 0px 0px;border-color:#eae9e9;border-style:solid;\" ><div class=\"fusion-builder-row fusion-row\"><div class=\"fusion-layout-column fusion_builder_column fusion-builder-column-1 fusion_builder_column_1_1 1_1 fusion-one-full fusion-column-first fusion-column-last\" style=\"margin-top:0px;margin-bottom:0px;\"><div class=\"fusion-column-wrapper fusion-flex-column-wrapper-legacy\" style=\"background-position:left top;background-repeat:no-repeat;-webkit-background-size:cover;-moz-background-size:cover;-o-background-size:cover;background-size:cover;padding: 0px 0px 0px 0px;\"><div class=\"fusion-text fusion-text-1\"><h1><span style=\"color: #009fe3;\" data-fusion-font=\"true\" data-fusion-google-font=\"Asap\" data-fusion-google-variant=\"500\" data-fusion-google-subset=\"latin\">Wer wir sind<\/span><\/h1>\n<\/div><div class=\"fusion-clearfix\"><\/div><\/div><\/div><\/div><\/div><div class=\"fusion-fullwidth fullwidth-box fusion-builder-row-3 nonhundred-percent-fullwidth non-hundred-percent-height-scrolling\" style=\"background-color: rgba(255,255,255,0);background-position: center center;background-repeat: no-repeat;padding-top:0px;padding-right:0px;padding-bottom:0px;padding-left:0px;margin-bottom: 0px;margin-top: 0px;border-width: 0px 0px 0px 0px;border-color:#eae9e9;border-style:solid;\" ><div class=\"fusion-builder-row fusion-row\"><div class=\"fusion-layout-column fusion_builder_column fusion-builder-column-2 fusion_builder_column_1_2 1_2 fusion-one-half fusion-column-first\" style=\"width:50%;width:calc(50% - ( ( 4% ) * 0.5 ) );margin-right: 4%;margin-top:0px;margin-bottom:0px;\"><div class=\"fusion-column-wrapper fusion-flex-column-wrapper-legacy\" style=\"background-position:left top;background-repeat:no-repeat;-webkit-background-size:cover;-moz-background-size:cover;-o-background-size:cover;background-size:cover;padding: 12px 0px 0px 0px;\"><div class=\"fusion-text fusion-text-2\"><section>\n<h3>Der Komplettanbieter vom Baumarkt bis zum Baustoffhandel<\/h3>\n<p>Wir, die <strong>Mobau Pro<\/strong>, sind eine starke Allianz familiengef\u00fchrter, mittelst\u00e4ndischer Unternehmen mit mehr als 40 Standorten sowie \u00fcber 100 Jahren Erfahrung am Markt. An unseren Gro\u00df- und Einzelhandelsstandorten in den Regionen Niederrhein, Aachen, Eifel, D\u00fcren, Rhein-Erft-Kreis sowie Berlin-Brandenburg bieten wir Firmen- und Privatkunden s\u00e4mtliche Baustoffe f\u00fcr die erfolgreiche Realisierung ihrer Projekte.<\/p>\n<p>Mit mehr als <strong>1.200 Mitarbeitenden<\/strong> bieten wir unseren Kunden an unseren Standorten eine kompetente Beratung zu jedem Bauvorhaben. Durch umfassende Dienstleistungen, einen modernen Fuhrpark und hohe Logistikkompetenz sowie faire Konditionen dank eines zentralen Einkaufs k\u00f6nnen wir ma\u00dfgeblich zu Ihrem Projekterfolg beitragen.<\/p>\n<p>Unser Unternehmen stellt sich den Herausforderungen unserer Zeit und m\u00f6chte f\u00fcr unsere Mitarbeitenden und Gesch\u00e4ftspartner \u2013 ob Unternehmer, Handwerker, Architekt, Bautr\u00e4ger, Kommune oder Endverbraucher \u2013 auch in Zukunft ein berechenbarer Partner sein.<\/p>\n<\/section>\n<\/div><div class=\"fusion-clearfix\"><\/div><\/div><\/div><div class=\"fusion-layout-column fusion_builder_column fusion-builder-column-3 fusion_builder_column_1_2 1_2 fusion-one-half fusion-column-last\" style=\"width:50%;width:calc(50% - ( ( 4% ) * 0.5 ) );margin-top:0px;margin-bottom:0px;\"><div class=\"fusion-column-wrapper fusion-flex-column-wrapper-legacy\" style=\"background-position:left top;background-repeat:no-repeat;-webkit-background-size:cover;-moz-background-size:cover;-o-background-size:cover;background-size:cover;padding: 0px 0px 0px 0px;\"><style>.fusion-imageframe.imageframe-2{ margin-top : 50px;}<\/style><span class=\" fusion-imageframe imageframe-none imageframe-2 hover-type-none\"><img decoding=\"async\" width=\"1080\" height=\"1080\" title=\"6\" src=\"https:\/\/mobau-pro.de\/wp-content\/uploads\/2025\/06\/6.png\" alt class=\"img-responsive wp-image-3974\" srcset=\"https:\/\/mobau-pro.de\/wp-content\/uploads\/2025\/06\/6-200x200.png 200w, https:\/\/mobau-pro.de\/wp-content\/uploads\/2025\/06\/6-400x400.png 400w, https:\/\/mobau-pro.de\/wp-content\/uploads\/2025\/06\/6-600x600.png 600w, https:\/\/mobau-pro.de\/wp-content\/uploads\/2025\/06\/6-800x800.png 800w, https:\/\/mobau-pro.de\/wp-content\/uploads\/2025\/06\/6.png 1080w\" sizes=\"(max-width: 1051px) 100vw, 600px\" \/><\/span><div class=\"fusion-clearfix\"><\/div><\/div><\/div><div class=\"fusion-layout-column fusion_builder_column fusion-builder-column-4 fusion_builder_column_1_1 1_1 fusion-one-full fusion-column-first fusion-column-last\" style=\"margin-top:0px;margin-bottom:0px;\"><div class=\"fusion-column-wrapper fusion-flex-column-wrapper-legacy\" style=\"background-position:left top;background-repeat:no-repeat;-webkit-background-size:cover;-moz-background-size:cover;-o-background-size:cover;background-size:cover;padding: 0px 0px 0px 0px;\"><div class=\"fusion-sep-clear\"><\/div><div class=\"fusion-separator fusion-full-width-sep\" style=\"margin-left: auto;margin-right: auto;margin-top:100px;margin-bottom:100px;width:100%;\"><\/div><div class=\"fusion-sep-clear\"><\/div><div class=\"fusion-clearfix\"><\/div><\/div><\/div><div class=\"fusion-layout-column fusion_builder_column fusion-builder-column-5 fusion_builder_column_1_1 1_1 fusion-one-full fusion-column-first fusion-column-last\" style=\"margin-top:0px;margin-bottom:0px;\"><div class=\"fusion-column-wrapper fusion-flex-column-wrapper-legacy\" style=\"background-position:left top;background-repeat:no-repeat;-webkit-background-size:cover;-moz-background-size:cover;-o-background-size:cover;background-size:cover;background-color:#f2f2f2;padding: 25px 25px 25px 25px;\"><div class=\"fusion-text fusion-text-3\"><h2 style=\"text-align: center;\"><span style=\"color: #009fe3;\"><strong>Unser Leitbild<\/strong><\/span><\/h2>\n<p style=\"text-align: center;\" data-start=\"184\" data-end=\"588\">Als Unternehmensgruppe mit Tradition, Verantwortung und Zukunftsorientierung verstehen wir uns als verl\u00e4sslicher Partner f\u00fcr unsere Kunden, Mitarbeitenden und die Gesellschaft. Unser Handeln basiert auf klaren Werten: Kundenfokus, Zusammenarbeit, Nachhaltigkeit und Innovationsbereitschaft. Diese Grunds\u00e4tze pr\u00e4gen unser t\u00e4gliches Tun \u2013 in Beratung, Service und Verantwortung gegen\u00fcber Mensch und Umwelt.<\/p>\n<\/div><div class=\"fusion-clearfix\"><\/div><\/div><\/div><div class=\"fusion-layout-column fusion_builder_column fusion-builder-column-6 fusion_builder_column_1_1 1_1 fusion-one-full fusion-column-first fusion-column-last\" style=\"margin-top:0px;margin-bottom:0px;\"><div class=\"fusion-column-wrapper fusion-flex-column-wrapper-legacy\" style=\"background-position:left top;background-repeat:no-repeat;-webkit-background-size:cover;-moz-background-size:cover;-o-background-size:cover;background-size:cover;padding: 0px 0px 0px 0px;\"><div class=\"fusion-sep-clear\"><\/div><div class=\"fusion-separator fusion-full-width-sep\" style=\"margin-left: auto;margin-right: auto;margin-top:100px;width:100%;\"><\/div><div class=\"fusion-sep-clear\"><\/div><div class=\"fusion-clearfix\"><\/div><\/div><\/div><div class=\"fusion-layout-column fusion_builder_column fusion-builder-column-7 fusion_builder_column_1_2 1_2 fusion-one-half fusion-column-first\" style=\"width:50%;width:calc(50% - ( ( 4% ) * 0.5 ) );margin-right: 4%;margin-top:0px;margin-bottom:0px;\"><div class=\"fusion-column-wrapper fusion-flex-column-wrapper-legacy\" style=\"background-position:left top;background-repeat:no-repeat;-webkit-background-size:cover;-moz-background-size:cover;-o-background-size:cover;background-size:cover;padding: 0px 0px 0px 0px;\"><style>.fusion-imageframe.imageframe-3{ margin-top : 50px;}<\/style><span class=\" fusion-imageframe imageframe-none imageframe-3 hover-type-none\"><img decoding=\"async\" width=\"1080\" height=\"1080\" title=\"2\" src=\"https:\/\/mobau-pro.de\/wp-content\/uploads\/2025\/06\/2.png\" alt class=\"img-responsive wp-image-3970\" srcset=\"https:\/\/mobau-pro.de\/wp-content\/uploads\/2025\/06\/2-200x200.png 200w, https:\/\/mobau-pro.de\/wp-content\/uploads\/2025\/06\/2-400x400.png 400w, https:\/\/mobau-pro.de\/wp-content\/uploads\/2025\/06\/2-600x600.png 600w, https:\/\/mobau-pro.de\/wp-content\/uploads\/2025\/06\/2-800x800.png 800w, https:\/\/mobau-pro.de\/wp-content\/uploads\/2025\/06\/2.png 1080w\" sizes=\"(max-width: 1051px) 100vw, 600px\" \/><\/span><div class=\"fusion-clearfix\"><\/div><\/div><\/div><div class=\"fusion-layout-column fusion_builder_column fusion-builder-column-8 fusion_builder_column_1_2 1_2 fusion-one-half fusion-column-last\" style=\"width:50%;width:calc(50% - ( ( 4% ) * 0.5 ) );margin-top:0px;margin-bottom:0px;\"><div class=\"fusion-column-wrapper fusion-flex-column-wrapper-legacy\" style=\"background-position:left top;background-repeat:no-repeat;-webkit-background-size:cover;-moz-background-size:cover;-o-background-size:cover;background-size:cover;padding: 0px 0px 0px 0px;\"><div class=\"fusion-text fusion-text-4\"><section>\n<h3 data-start=\"248\" data-end=\"287\">Unsere Kunden stehen im Mittelpunkt<\/h3>\n<p data-start=\"289\" data-end=\"555\">F\u00fcr uns als Unternehmensgruppe steht der Kunde im Mittelpunkt, auf dessen Bed\u00fcrfnisse sich all unsere Unternehmensaktivit\u00e4ten ausrichten. Das bedeutet, dass wir st\u00e4ndig daran arbeiten, Erwartungen und Anforderungen unserer Kunden zu erkennen und diese zu erf\u00fcllen.<\/p>\n<p data-start=\"557\" data-end=\"772\">Zentrale Elemente unserer erfolgreichen Kundenbeziehungen sind unter anderem der pers\u00f6nliche Kontakt, eine kompetente Beratung durch geschulte Mitarbeitende sowie eine einwandfreie und effiziente Auftragsabwicklung.<\/p>\n<p data-start=\"774\" data-end=\"922\">F\u00fcr jedes Gewerk bieten wir eine kompetente Beratung und f\u00fchren mithilfe moderner Logistik die Auftr\u00e4ge fristgerecht zu fairen Konditionen aus.<\/p>\n<p data-start=\"924\" data-end=\"1095\">Mit unseren Industriepartnern stehen wir im st\u00e4ndigen Austausch, um unseren Kunden ein professionelles Sortiment sowie ma\u00dfgeschneiderte Probleml\u00f6sungen anbieten zu k\u00f6nnen.<\/p>\n<p data-start=\"1097\" data-end=\"1268\">Ein permanentes Angebot an Verarbeiter-Workshops und Schulungsma\u00dfnahmen stellt einen kontinuierlichen Know-how-Transfer zwischen Verarbeitern, Handel und Industrie sicher.<\/p>\n<\/section>\n<\/div><div class=\"fusion-clearfix\"><\/div><\/div><\/div><div class=\"fusion-layout-column fusion_builder_column fusion-builder-column-9 fusion_builder_column_1_1 1_1 fusion-one-full fusion-column-first fusion-column-last\" style=\"margin-top:0px;margin-bottom:0px;\"><div class=\"fusion-column-wrapper fusion-flex-column-wrapper-legacy\" style=\"background-position:left top;background-repeat:no-repeat;-webkit-background-size:cover;-moz-background-size:cover;-o-background-size:cover;background-size:cover;padding: 0px 0px 0px 0px;\"><div class=\"fusion-sep-clear\"><\/div><div class=\"fusion-separator fusion-full-width-sep\" style=\"margin-left: auto;margin-right: auto;margin-top:100px;margin-bottom:100px;width:100%;\"><\/div><div class=\"fusion-sep-clear\"><\/div><div class=\"fusion-clearfix\"><\/div><\/div><\/div><div class=\"fusion-layout-column fusion_builder_column fusion-builder-column-10 fusion_builder_column_1_2 1_2 fusion-one-half fusion-column-first\" style=\"width:50%;width:calc(50% - ( ( 4% ) * 0.5 ) );margin-right: 4%;margin-top:0px;margin-bottom:0px;\"><div class=\"fusion-column-wrapper fusion-flex-column-wrapper-legacy\" style=\"background-position:left top;background-repeat:no-repeat;-webkit-background-size:cover;-moz-background-size:cover;-o-background-size:cover;background-size:cover;padding: 0px 0px 0px 0px;\"><div class=\"fusion-text fusion-text-5\"><h3 data-start=\"103\" data-end=\"176\"><strong data-start=\"103\" data-end=\"174\">Die wichtigste S\u00e4ule in unserem Unternehmen \u2013 unsere Mitarbeitenden<\/strong><\/h3>\n<p data-start=\"125\" data-end=\"620\">Unsere Mitarbeitenden tragen mit ihrem Wissen und ihrer Erfahrung ma\u00dfgeblich zum Unternehmenserfolg bei. Entsprechend f\u00f6rdern wir eigenverantwortliches Arbeiten, bieten Karriere- und Entwicklungspl\u00e4ne und beteiligen unsere Mitarbeitenden an Entscheidungsprozessen. Wir bieten zudem moderne Arbeitspl\u00e4tze und achten auf eine ausgewogene Work-Life-Balance. Der respektvolle Umgang mit unseren Mitarbeitenden, Kunden und Gesch\u00e4ftspartnern ist ein zentrales Element unserer Unternehmenskultur.<\/p>\n<\/div><div class=\"fusion-clearfix\"><\/div><\/div><\/div><div class=\"fusion-layout-column fusion_builder_column fusion-builder-column-11 fusion_builder_column_1_2 1_2 fusion-one-half fusion-column-last\" style=\"width:50%;width:calc(50% - ( ( 4% ) * 0.5 ) );margin-top:0px;margin-bottom:0px;\"><div class=\"fusion-column-wrapper fusion-flex-column-wrapper-legacy\" style=\"background-position:left top;background-repeat:no-repeat;-webkit-background-size:cover;-moz-background-size:cover;-o-background-size:cover;background-size:cover;padding: 0px 0px 0px 0px;\"><span class=\" fusion-imageframe imageframe-none imageframe-4 hover-type-none\"><img decoding=\"async\" width=\"1080\" height=\"1080\" title=\"3\" src=\"https:\/\/mobau-pro.de\/wp-content\/uploads\/2025\/06\/3.png\" alt class=\"img-responsive wp-image-3971\" srcset=\"https:\/\/mobau-pro.de\/wp-content\/uploads\/2025\/06\/3-200x200.png 200w, https:\/\/mobau-pro.de\/wp-content\/uploads\/2025\/06\/3-400x400.png 400w, https:\/\/mobau-pro.de\/wp-content\/uploads\/2025\/06\/3-600x600.png 600w, https:\/\/mobau-pro.de\/wp-content\/uploads\/2025\/06\/3-800x800.png 800w, https:\/\/mobau-pro.de\/wp-content\/uploads\/2025\/06\/3.png 1080w\" sizes=\"(max-width: 1051px) 100vw, 600px\" \/><\/span><div class=\"fusion-clearfix\"><\/div><\/div><\/div><div class=\"fusion-layout-column fusion_builder_column fusion-builder-column-12 fusion_builder_column_1_1 1_1 fusion-one-full fusion-column-first fusion-column-last\" style=\"margin-top:0px;margin-bottom:0px;\"><div class=\"fusion-column-wrapper fusion-flex-column-wrapper-legacy\" style=\"background-position:left top;background-repeat:no-repeat;-webkit-background-size:cover;-moz-background-size:cover;-o-background-size:cover;background-size:cover;padding: 0px 0px 0px 0px;\"><div class=\"fusion-sep-clear\"><\/div><div class=\"fusion-separator fusion-full-width-sep\" style=\"margin-left: auto;margin-right: auto;margin-top:100px;margin-bottom:100px;width:100%;\"><\/div><div class=\"fusion-sep-clear\"><\/div><div class=\"fusion-clearfix\"><\/div><\/div><\/div><div class=\"fusion-layout-column fusion_builder_column fusion-builder-column-13 fusion_builder_column_1_2 1_2 fusion-one-half fusion-column-first\" style=\"width:50%;width:calc(50% - ( ( 4% ) * 0.5 ) );margin-right: 4%;margin-top:0px;margin-bottom:0px;\"><div class=\"fusion-column-wrapper fusion-flex-column-wrapper-legacy\" style=\"background-position:left top;background-repeat:no-repeat;-webkit-background-size:cover;-moz-background-size:cover;-o-background-size:cover;background-size:cover;padding: 0px 0px 0px 0px;\"><style>.fusion-imageframe.imageframe-5{ margin-top : 50px;}<\/style><span class=\" fusion-imageframe imageframe-none imageframe-5 hover-type-none\"><img decoding=\"async\" width=\"1080\" height=\"1080\" title=\"4\" src=\"https:\/\/mobau-pro.de\/wp-content\/uploads\/2025\/06\/4.png\" alt class=\"img-responsive wp-image-3972\" srcset=\"https:\/\/mobau-pro.de\/wp-content\/uploads\/2025\/06\/4-200x200.png 200w, https:\/\/mobau-pro.de\/wp-content\/uploads\/2025\/06\/4-400x400.png 400w, https:\/\/mobau-pro.de\/wp-content\/uploads\/2025\/06\/4-600x600.png 600w, https:\/\/mobau-pro.de\/wp-content\/uploads\/2025\/06\/4-800x800.png 800w, https:\/\/mobau-pro.de\/wp-content\/uploads\/2025\/06\/4.png 1080w\" sizes=\"(max-width: 1051px) 100vw, 600px\" \/><\/span><div class=\"fusion-clearfix\"><\/div><\/div><\/div><div class=\"fusion-layout-column fusion_builder_column fusion-builder-column-14 fusion_builder_column_1_2 1_2 fusion-one-half fusion-column-last\" style=\"width:50%;width:calc(50% - ( ( 4% ) * 0.5 ) );margin-top:0px;margin-bottom:0px;\"><div class=\"fusion-column-wrapper fusion-flex-column-wrapper-legacy\" style=\"background-position:left top;background-repeat:no-repeat;-webkit-background-size:cover;-moz-background-size:cover;-o-background-size:cover;background-size:cover;padding: 0px 0px 0px 0px;\"><div class=\"fusion-text fusion-text-6\"><h3 data-start=\"109\" data-end=\"143\">Verantwortung f\u00fcr Umwelt und Zukunft<\/h3>\n<p data-start=\"145\" data-end=\"393\">Nachhaltigkeit und Klimaschutz sind zentrale Bestandteile einer verantwortungsvollen Wirtschaft. Wir als Unternehmensgruppe arbeiten vorausschauend an verschiedenen Ma\u00dfnahmen, um unseren Beitrag zu diesem immer wichtiger werdenden Thema zu leisten.<\/p>\n<p data-start=\"395\" data-end=\"619\">Durch den Einsatz regenerativer Anlagen decken wir einen gro\u00dfen Teil unseres Energiebedarfs. Unser moderner Fuhrpark sowie der Einsatz von Elektro-Staplern an unseren Standorten tragen zur Reduzierung der CO\u2082-Emissionen bei.<\/p>\n<p data-start=\"621\" data-end=\"742\">Ein hoher Anteil unserer Firmenflotte besteht aus Elektrofahrzeugen \u2013 dieser Anteil wird kontinuierlich weiter ausgebaut.<\/p>\n<p data-start=\"744\" data-end=\"1005\">Bei der Auswahl unserer Lieferanten achten wir auf die Einhaltung von Umwelt- und Gesundheitsstandards. Ein Beispiel sind Industriepartner, deren Produkte nach dem Lebenszyklus dem Recyclingkreislauf zugef\u00fchrt werden \u2013 und damit aktiv zum Klimaschutz beitragen.<\/p>\n<\/div><div class=\"fusion-clearfix\"><\/div><\/div><\/div><div class=\"fusion-layout-column fusion_builder_column fusion-builder-column-15 fusion_builder_column_1_1 1_1 fusion-one-full fusion-column-first fusion-column-last\" style=\"margin-top:0px;margin-bottom:0px;\"><div class=\"fusion-column-wrapper fusion-flex-column-wrapper-legacy\" style=\"background-position:left top;background-repeat:no-repeat;-webkit-background-size:cover;-moz-background-size:cover;-o-background-size:cover;background-size:cover;padding: 0px 0px 0px 0px;\"><div class=\"fusion-sep-clear\"><\/div><div class=\"fusion-separator fusion-full-width-sep\" style=\"margin-left: auto;margin-right: auto;margin-top:100px;margin-bottom:100px;width:100%;\"><\/div><div class=\"fusion-sep-clear\"><\/div><div class=\"fusion-clearfix\"><\/div><\/div><\/div><div class=\"fusion-layout-column fusion_builder_column fusion-builder-column-16 fusion_builder_column_1_1 1_1 fusion-one-full fusion-column-first fusion-column-last\" style=\"margin-top:0px;margin-bottom:0px;\"><div class=\"fusion-column-wrapper fusion-flex-column-wrapper-legacy\" style=\"background-position:left top;background-repeat:no-repeat;-webkit-background-size:cover;-moz-background-size:cover;-o-background-size:cover;background-size:cover;background-color:#f2f2f2;padding: 25px 25px 25px 25px;\"><div class=\"fusion-text fusion-text-7\"><h2 style=\"text-align: center;\"><span style=\"color: #009fe3;\"><strong>Unternehmens-Compliance der Mobau Pro<\/strong><\/span><\/h2>\n<p style=\"text-align: center;\">Die Sicherstellung der Einhaltung gesetzlicher und regulatorischer Anforderungen sowie interner Richtlinien, Integrit\u00e4t und Verl\u00e4sslichkeit geh\u00f6ren zu unseren Unternehmens-Compliance-Zielen. Ein besonderer Fokus liegt auf der Vermeidung von Rechtsverst\u00f6\u00dfen, rechtlichen Risiken und Sanktionen.<\/p>\n<\/div><div class=\"fusion-clearfix\"><\/div><\/div><\/div><div class=\"fusion-layout-column fusion_builder_column fusion-builder-column-17 fusion_builder_column_1_1 1_1 fusion-one-full fusion-column-first fusion-column-last\" style=\"margin-top:0px;margin-bottom:0px;\"><div class=\"fusion-column-wrapper fusion-flex-column-wrapper-legacy\" style=\"background-position:left top;background-repeat:no-repeat;-webkit-background-size:cover;-moz-background-size:cover;-o-background-size:cover;background-size:cover;padding: 0px 0px 0px 0px;\"><div class=\"fusion-sep-clear\"><\/div><div class=\"fusion-separator fusion-full-width-sep\" style=\"margin-left: auto;margin-right: auto;margin-top:100px;margin-bottom:50px;width:100%;\"><\/div><div class=\"fusion-sep-clear\"><\/div><div class=\"fusion-clearfix\"><\/div><\/div><\/div><div class=\"fusion-layout-column fusion_builder_column fusion-builder-column-18 fusion_builder_column_1_2 1_2 fusion-one-half fusion-column-first\" style=\"width:50%;width:calc(50% - ( ( 4% ) * 0.5 ) );margin-right: 4%;margin-top:0px;margin-bottom:0px;\"><div class=\"fusion-column-wrapper fusion-flex-column-wrapper-legacy\" style=\"background-position:left top;background-repeat:no-repeat;-webkit-background-size:cover;-moz-background-size:cover;-o-background-size:cover;background-size:cover;padding: 0px 0px 0px 0px;\"><div class=\"fusion-text fusion-text-8\"><h3><strong>Verhaltenskodex<\/strong><\/h3>\n<p>Ein\u00a0Verhaltenskodex ist die Basis f\u00fcr viele Compliance-Richtlinien sowie f\u00fcr ein funktionierendes Compliance-Management, da darin die grundlegenden Verhaltensstandards unseres Unternehmens definiert werden. Wichtige Bestandteile sind zum Beispiel unsere Unternehmenswerte, der Schutz von Unternehmenseigentum, der Umgang mit Korruption und Interessenskonflikten, aber auch eigenverantwortliches Handeln. Des Weiteren regeln wir explizit in unserem Verhaltenskodex, wie sich Mitarbeiter verhalten sollen, wenn sie einen Versto\u00df gegen anwendbare Vorschriften beobachten und was die Konsequenzen von Fehlverhalten sind.<\/p>\n<\/div><div class=\"fusion-clearfix\"><\/div><\/div><\/div><div class=\"fusion-layout-column fusion_builder_column fusion-builder-column-19 fusion_builder_column_1_2 1_2 fusion-one-half fusion-column-last\" style=\"width:50%;width:calc(50% - ( ( 4% ) * 0.5 ) );margin-top:0px;margin-bottom:0px;\"><div class=\"fusion-column-wrapper fusion-flex-column-wrapper-legacy\" style=\"background-position:left top;background-repeat:no-repeat;-webkit-background-size:cover;-moz-background-size:cover;-o-background-size:cover;background-size:cover;padding: 0px 0px 0px 0px;\"><span class=\" fusion-imageframe imageframe-none imageframe-6 hover-type-none\"><img decoding=\"async\" width=\"1080\" height=\"1080\" title=\"5\" src=\"https:\/\/mobau-pro.de\/wp-content\/uploads\/2025\/06\/5.png\" alt class=\"img-responsive wp-image-3973\" srcset=\"https:\/\/mobau-pro.de\/wp-content\/uploads\/2025\/06\/5-200x200.png 200w, https:\/\/mobau-pro.de\/wp-content\/uploads\/2025\/06\/5-400x400.png 400w, https:\/\/mobau-pro.de\/wp-content\/uploads\/2025\/06\/5-600x600.png 600w, https:\/\/mobau-pro.de\/wp-content\/uploads\/2025\/06\/5-800x800.png 800w, https:\/\/mobau-pro.de\/wp-content\/uploads\/2025\/06\/5.png 1080w\" sizes=\"(max-width: 1051px) 100vw, 600px\" \/><\/span><div class=\"fusion-clearfix\"><\/div><\/div><\/div><div class=\"fusion-layout-column fusion_builder_column fusion-builder-column-20 fusion_builder_column_1_1 1_1 fusion-one-full fusion-column-first fusion-column-last\" style=\"margin-top:0px;margin-bottom:0px;\"><div class=\"fusion-column-wrapper fusion-flex-column-wrapper-legacy\" style=\"background-position:left top;background-repeat:no-repeat;-webkit-background-size:cover;-moz-background-size:cover;-o-background-size:cover;background-size:cover;padding: 0px 0px 0px 0px;\"><div class=\"fusion-sep-clear\"><\/div><div class=\"fusion-separator fusion-full-width-sep\" style=\"margin-left: auto;margin-right: auto;margin-top:100px;margin-bottom:100px;width:100%;\"><\/div><div class=\"fusion-sep-clear\"><\/div><div class=\"fusion-clearfix\"><\/div><\/div><\/div><div class=\"fusion-layout-column fusion_builder_column fusion-builder-column-21 fusion_builder_column_1_2 1_2 fusion-one-half fusion-column-first\" style=\"width:50%;width:calc(50% - ( ( 4% ) * 0.5 ) );margin-right: 4%;margin-top:0px;margin-bottom:0px;\"><div class=\"fusion-column-wrapper fusion-flex-column-wrapper-legacy\" style=\"background-position:left top;background-repeat:no-repeat;-webkit-background-size:cover;-moz-background-size:cover;-o-background-size:cover;background-size:cover;padding: 0px 0px 0px 0px;\"><span class=\" fusion-imageframe imageframe-none imageframe-7 hover-type-none\"><img decoding=\"async\" width=\"1080\" height=\"1080\" title=\"Design ohne Titel\" src=\"https:\/\/mobau-pro.de\/wp-content\/uploads\/2025\/06\/Design-ohne-Titel.png\" alt class=\"img-responsive wp-image-3982\" srcset=\"https:\/\/mobau-pro.de\/wp-content\/uploads\/2025\/06\/Design-ohne-Titel-200x200.png 200w, https:\/\/mobau-pro.de\/wp-content\/uploads\/2025\/06\/Design-ohne-Titel-400x400.png 400w, https:\/\/mobau-pro.de\/wp-content\/uploads\/2025\/06\/Design-ohne-Titel-600x600.png 600w, https:\/\/mobau-pro.de\/wp-content\/uploads\/2025\/06\/Design-ohne-Titel-800x800.png 800w, https:\/\/mobau-pro.de\/wp-content\/uploads\/2025\/06\/Design-ohne-Titel.png 1080w\" sizes=\"(max-width: 1051px) 100vw, 600px\" \/><\/span><div class=\"fusion-clearfix\"><\/div><\/div><\/div><div class=\"fusion-layout-column fusion_builder_column fusion-builder-column-22 fusion_builder_column_1_2 1_2 fusion-one-half fusion-column-last\" style=\"width:50%;width:calc(50% - ( ( 4% ) * 0.5 ) );margin-top:0px;margin-bottom:0px;\"><div class=\"fusion-column-wrapper fusion-flex-column-wrapper-legacy\" style=\"background-position:left top;background-repeat:no-repeat;-webkit-background-size:cover;-moz-background-size:cover;-o-background-size:cover;background-size:cover;padding: 0px 0px 0px 0px;\"><div class=\"fusion-text fusion-text-9\"><h3><strong>Compliance-Richtlinie zur Gleichberechtigung<\/strong><\/h3>\n<p>Eine Regelung zur Gleichberechtigung bildet die Grundlage f\u00fcr Guidelines gegen Diskriminierung oder Bel\u00e4stigung am Arbeitsplatz und hilft bei der F\u00f6rderung von Diversit\u00e4t. Unser oberstes Ziel ist es, keine Entscheidungen zu treffen, die unsere Mitarbeiter oder Bewerber aufgrund ihrer Ethnie, Herkunft, ihres Geschlechts, ihrer Religion, ihres Alters, einer Behinderung oder ihrer sexuellen Orientierung, benachteiligen. Die Einf\u00fchrung einer entsprechenden Richtlinie ist ein eindeutiges Bekenntnis unseres Unternehmens und sch\u00e4rft das Bewusstsein der gesamten Belegschaft.<\/p>\n<\/div><div class=\"fusion-clearfix\"><\/div><\/div><\/div><div class=\"fusion-layout-column fusion_builder_column fusion-builder-column-23 fusion_builder_column_1_1 1_1 fusion-one-full fusion-column-first fusion-column-last\" style=\"margin-top:0px;margin-bottom:0px;\"><div class=\"fusion-column-wrapper fusion-flex-column-wrapper-legacy\" style=\"background-position:left top;background-repeat:no-repeat;-webkit-background-size:cover;-moz-background-size:cover;-o-background-size:cover;background-size:cover;padding: 0px 0px 0px 0px;\"><div class=\"fusion-sep-clear\"><\/div><div class=\"fusion-separator fusion-full-width-sep\" style=\"margin-left: auto;margin-right: auto;margin-top:100px;margin-bottom:100px;width:100%;\"><\/div><div class=\"fusion-sep-clear\"><\/div><div class=\"fusion-clearfix\"><\/div><\/div><\/div><div class=\"fusion-layout-column fusion_builder_column fusion-builder-column-24 fusion_builder_column_1_2 1_2 fusion-one-half fusion-column-first\" style=\"width:50%;width:calc(50% - ( ( 4% ) * 0.5 ) );margin-right: 4%;margin-top:0px;margin-bottom:0px;\"><div class=\"fusion-column-wrapper fusion-flex-column-wrapper-legacy\" style=\"background-position:left top;background-repeat:no-repeat;-webkit-background-size:cover;-moz-background-size:cover;-o-background-size:cover;background-size:cover;padding: 0px 0px 0px 0px;\"><div class=\"fusion-text fusion-text-10\"><h3><strong>Compliance-Richtlinie zur Gesundheit und Sicherheit am Arbeitsplatz<\/strong><\/h3>\n<p>Unf\u00e4lle am Arbeitsplatz zu verhindern und die Gesundheit unserer Mitarbeiter zu f\u00f6rdern, geh\u00f6rt ebenfalls zu unseren Zielen. Insbesondere die Verantwortlichkeiten und Pflichten zur Gew\u00e4hrleistung der Sicherheit am Arbeitsplatz werden dokumentiert und archiviert. Auch Arbeitsanweisungen f\u00fcr besonders riskante Arbeitsschritte, sowie zum Verhalten in Notsituationen, geh\u00f6ren in ein Regelwerk zur Gesundheit und Sicherheit am Arbeitsplatz.<\/p>\n<p>J\u00e4hrliche wiederkehrende Unterweisungen, versorgen unsere Mitarbeiter mit wichtigen Informationen zum Arbeitsschutz und -sicherheit. Ausgew\u00e4hlte Mitarbeiter nehmen alle zwei Jahre an Brandschutzhelfer- und Ersthelfer-Schulungen teil. Mit diesen Ma\u00dfnahmen sorgen wir f\u00fcr ein korrektes Verhalten der Mitarbeiter im Falle einer Gefahr. Mit diesem Wissen f\u00fchlen sich die Mitarbeiter auch in ihrem privaten Umfeld sicherer.<\/p>\n<\/div><div class=\"fusion-clearfix\"><\/div><\/div><\/div><div class=\"fusion-layout-column fusion_builder_column fusion-builder-column-25 fusion_builder_column_1_2 1_2 fusion-one-half fusion-column-last\" style=\"width:50%;width:calc(50% - ( ( 4% ) * 0.5 ) );margin-top:0px;margin-bottom:0px;\"><div class=\"fusion-column-wrapper fusion-flex-column-wrapper-legacy\" style=\"background-position:left top;background-repeat:no-repeat;-webkit-background-size:cover;-moz-background-size:cover;-o-background-size:cover;background-size:cover;padding: 0px 0px 0px 0px;\"><span class=\" fusion-imageframe imageframe-none imageframe-8 hover-type-none\"><img decoding=\"async\" width=\"1080\" height=\"1080\" title=\"8\" src=\"https:\/\/mobau-pro.de\/wp-content\/uploads\/2025\/06\/8.png\" alt class=\"img-responsive wp-image-3976\" srcset=\"https:\/\/mobau-pro.de\/wp-content\/uploads\/2025\/06\/8-200x200.png 200w, https:\/\/mobau-pro.de\/wp-content\/uploads\/2025\/06\/8-400x400.png 400w, https:\/\/mobau-pro.de\/wp-content\/uploads\/2025\/06\/8-600x600.png 600w, https:\/\/mobau-pro.de\/wp-content\/uploads\/2025\/06\/8-800x800.png 800w, https:\/\/mobau-pro.de\/wp-content\/uploads\/2025\/06\/8.png 1080w\" sizes=\"(max-width: 1051px) 100vw, 600px\" \/><\/span><div class=\"fusion-clearfix\"><\/div><\/div><\/div><div class=\"fusion-layout-column fusion_builder_column fusion-builder-column-26 fusion_builder_column_1_1 1_1 fusion-one-full fusion-column-first fusion-column-last\" style=\"margin-top:0px;margin-bottom:0px;\"><div class=\"fusion-column-wrapper fusion-flex-column-wrapper-legacy\" style=\"background-position:left top;background-repeat:no-repeat;-webkit-background-size:cover;-moz-background-size:cover;-o-background-size:cover;background-size:cover;padding: 0px 0px 0px 0px;\"><div class=\"fusion-sep-clear\"><\/div><div class=\"fusion-separator fusion-full-width-sep\" style=\"margin-left: auto;margin-right: auto;margin-top:100px;margin-bottom:100px;width:100%;\"><\/div><div class=\"fusion-sep-clear\"><\/div><div class=\"fusion-clearfix\"><\/div><\/div><\/div><div class=\"fusion-layout-column fusion_builder_column fusion-builder-column-27 fusion_builder_column_1_2 1_2 fusion-one-half fusion-column-first\" style=\"width:50%;width:calc(50% - ( ( 4% ) * 0.5 ) );margin-right: 4%;margin-top:0px;margin-bottom:0px;\"><div class=\"fusion-column-wrapper fusion-flex-column-wrapper-legacy\" style=\"background-position:left top;background-repeat:no-repeat;-webkit-background-size:cover;-moz-background-size:cover;-o-background-size:cover;background-size:cover;padding: 0px 0px 0px 0px;\"><span class=\" fusion-imageframe imageframe-none imageframe-9 hover-type-none\"><img decoding=\"async\" width=\"1080\" height=\"1080\" title=\"9\" src=\"https:\/\/mobau-pro.de\/wp-content\/uploads\/2025\/06\/9.png\" alt class=\"img-responsive wp-image-3977\" srcset=\"https:\/\/mobau-pro.de\/wp-content\/uploads\/2025\/06\/9-200x200.png 200w, https:\/\/mobau-pro.de\/wp-content\/uploads\/2025\/06\/9-400x400.png 400w, https:\/\/mobau-pro.de\/wp-content\/uploads\/2025\/06\/9-600x600.png 600w, https:\/\/mobau-pro.de\/wp-content\/uploads\/2025\/06\/9-800x800.png 800w, https:\/\/mobau-pro.de\/wp-content\/uploads\/2025\/06\/9.png 1080w\" sizes=\"(max-width: 1051px) 100vw, 600px\" \/><\/span><div class=\"fusion-clearfix\"><\/div><\/div><\/div><div class=\"fusion-layout-column fusion_builder_column fusion-builder-column-28 fusion_builder_column_1_2 1_2 fusion-one-half fusion-column-last\" style=\"width:50%;width:calc(50% - ( ( 4% ) * 0.5 ) );margin-top:0px;margin-bottom:0px;\"><div class=\"fusion-column-wrapper fusion-flex-column-wrapper-legacy\" style=\"background-position:left top;background-repeat:no-repeat;-webkit-background-size:cover;-moz-background-size:cover;-o-background-size:cover;background-size:cover;padding: 0px 0px 0px 0px;\"><div class=\"fusion-text fusion-text-11\"><h3><strong>Compliance-Richtlinie zur<\/strong> <strong>Nutzung von Social Media und Internet<\/strong><\/h3>\n<p>In Zeiten, in denen eine Trennung von dienstlicher und privater Nutzung des Internets und Social Media kaum mehr m\u00f6glich ist, haben wir in unserem Unternehmen eine entsprechende Richtlinie eingef\u00fchrt. Darin ist insbesondere geregelt, was unsere Mitarbeiter online teilen bzw. nicht teilen sollen und welche Vorschriften f\u00fcr die Benutzung der firmeneigenen IT-Infrastruktur gelten. Das Ziel dieser Richtlinie ist einen verh\u00e4ltnism\u00e4\u00dfigen Ausgleich zwischen den Pers\u00f6nlichkeitsrechten des Arbeitnehmers und den Interessen des Arbeitgebers zu finden.<\/p>\n<\/div><div class=\"fusion-clearfix\"><\/div><\/div><\/div><div class=\"fusion-layout-column fusion_builder_column fusion-builder-column-29 fusion_builder_column_1_1 1_1 fusion-one-full fusion-column-first fusion-column-last\" style=\"margin-top:0px;margin-bottom:0px;\"><div class=\"fusion-column-wrapper fusion-flex-column-wrapper-legacy\" style=\"background-position:left top;background-repeat:no-repeat;-webkit-background-size:cover;-moz-background-size:cover;-o-background-size:cover;background-size:cover;padding: 0px 0px 0px 0px;\"><div class=\"fusion-sep-clear\"><\/div><div class=\"fusion-separator fusion-full-width-sep\" style=\"margin-left: auto;margin-right: auto;margin-top:100px;margin-bottom:100px;width:100%;\"><\/div><div class=\"fusion-sep-clear\"><\/div><div class=\"fusion-clearfix\"><\/div><\/div><\/div><div class=\"fusion-layout-column fusion_builder_column fusion-builder-column-30 fusion_builder_column_1_2 1_2 fusion-one-half fusion-column-first\" style=\"width:50%;width:calc(50% - ( ( 4% ) * 0.5 ) );margin-right: 4%;margin-top:0px;margin-bottom:0px;\"><div class=\"fusion-column-wrapper fusion-flex-column-wrapper-legacy\" style=\"background-position:left top;background-repeat:no-repeat;-webkit-background-size:cover;-moz-background-size:cover;-o-background-size:cover;background-size:cover;padding: 0px 0px 0px 0px;\"><div class=\"fusion-text fusion-text-12\"><h3><strong>Compliance-Richtlinie zur<\/strong> <strong>Datenschutzrichtlinie<\/strong><\/h3>\n<p>Sp\u00e4testens seit Inkrafttreten der Europ\u00e4ischen Datenschutzgrundverordnung (DSGVO) ist Datenschutz in unserem Unternehmen ein hei\u00dfes Thema. Die rechtlichen Anforderungen betreffen sowohl personenbezogene Daten der Mitarbeiter als auch Kundendaten. Um das Risiko einer Datenschutzverletzung zu mindern, haben wir auch hier eine Datenschutzrichtlinie eingef\u00fchrt. Darin ist insbesondere geregelt, auf welche Weise unser Unternehmen personenbezogene Daten nutzt und welche Ma\u00dfnahmen zum Schutz der Daten getroffen werden.<\/p>\n<p>Die Einhaltung des Datenschutzes wird regelm\u00e4\u00dfig durch Audits eines bestellten Datenschutzbeauftragten kontrolliert.<\/p>\n<\/div><div class=\"fusion-clearfix\"><\/div><\/div><\/div><div class=\"fusion-layout-column fusion_builder_column fusion-builder-column-31 fusion_builder_column_1_2 1_2 fusion-one-half fusion-column-last\" style=\"width:50%;width:calc(50% - ( ( 4% ) * 0.5 ) );margin-top:0px;margin-bottom:0px;\"><div class=\"fusion-column-wrapper fusion-flex-column-wrapper-legacy\" style=\"background-position:left top;background-repeat:no-repeat;-webkit-background-size:cover;-moz-background-size:cover;-o-background-size:cover;background-size:cover;padding: 0px 0px 0px 0px;\"><span class=\" fusion-imageframe imageframe-none imageframe-10 hover-type-none\"><img decoding=\"async\" width=\"1080\" height=\"1080\" title=\"10\" src=\"https:\/\/mobau-pro.de\/wp-content\/uploads\/2025\/06\/10.png\" alt class=\"img-responsive wp-image-3978\" srcset=\"https:\/\/mobau-pro.de\/wp-content\/uploads\/2025\/06\/10-200x200.png 200w, https:\/\/mobau-pro.de\/wp-content\/uploads\/2025\/06\/10-400x400.png 400w, https:\/\/mobau-pro.de\/wp-content\/uploads\/2025\/06\/10-600x600.png 600w, https:\/\/mobau-pro.de\/wp-content\/uploads\/2025\/06\/10-800x800.png 800w, https:\/\/mobau-pro.de\/wp-content\/uploads\/2025\/06\/10.png 1080w\" sizes=\"(max-width: 1051px) 100vw, 600px\" \/><\/span><div class=\"fusion-clearfix\"><\/div><\/div><\/div><div class=\"fusion-layout-column fusion_builder_column fusion-builder-column-32 fusion_builder_column_1_1 1_1 fusion-one-full fusion-column-first fusion-column-last\" style=\"margin-top:0px;margin-bottom:0px;\"><div class=\"fusion-column-wrapper fusion-flex-column-wrapper-legacy\" style=\"background-position:left top;background-repeat:no-repeat;-webkit-background-size:cover;-moz-background-size:cover;-o-background-size:cover;background-size:cover;padding: 0px 0px 0px 0px;\"><div class=\"fusion-sep-clear\"><\/div><div class=\"fusion-separator fusion-full-width-sep\" style=\"margin-left: auto;margin-right: auto;margin-top:100px;margin-bottom:100px;width:100%;\"><\/div><div class=\"fusion-sep-clear\"><\/div><div class=\"fusion-clearfix\"><\/div><\/div><\/div><div class=\"fusion-layout-column fusion_builder_column fusion-builder-column-33 fusion_builder_column_1_2 1_2 fusion-one-half fusion-column-first\" style=\"width:50%;width:calc(50% - ( ( 4% ) * 0.5 ) );margin-right: 4%;margin-top:0px;margin-bottom:0px;\"><div class=\"fusion-column-wrapper fusion-flex-column-wrapper-legacy\" style=\"background-position:left top;background-repeat:no-repeat;-webkit-background-size:cover;-moz-background-size:cover;-o-background-size:cover;background-size:cover;padding: 0px 0px 0px 0px;\"><span class=\" fusion-imageframe imageframe-none imageframe-11 hover-type-none\"><img decoding=\"async\" width=\"1080\" height=\"1080\" title=\"11\" src=\"https:\/\/mobau-pro.de\/wp-content\/uploads\/2025\/06\/11.png\" alt class=\"img-responsive wp-image-3979\" srcset=\"https:\/\/mobau-pro.de\/wp-content\/uploads\/2025\/06\/11-200x200.png 200w, https:\/\/mobau-pro.de\/wp-content\/uploads\/2025\/06\/11-400x400.png 400w, https:\/\/mobau-pro.de\/wp-content\/uploads\/2025\/06\/11-600x600.png 600w, https:\/\/mobau-pro.de\/wp-content\/uploads\/2025\/06\/11-800x800.png 800w, https:\/\/mobau-pro.de\/wp-content\/uploads\/2025\/06\/11.png 1080w\" sizes=\"(max-width: 1051px) 100vw, 600px\" \/><\/span><div class=\"fusion-clearfix\"><\/div><\/div><\/div><div class=\"fusion-layout-column fusion_builder_column fusion-builder-column-34 fusion_builder_column_1_2 1_2 fusion-one-half fusion-column-last\" style=\"width:50%;width:calc(50% - ( ( 4% ) * 0.5 ) );margin-top:0px;margin-bottom:0px;\"><div class=\"fusion-column-wrapper fusion-flex-column-wrapper-legacy\" style=\"background-position:left top;background-repeat:no-repeat;-webkit-background-size:cover;-moz-background-size:cover;-o-background-size:cover;background-size:cover;padding: 0px 0px 0px 0px;\"><div class=\"fusion-text fusion-text-13\"><h3><strong>Compliance-Richtlinie zu Arbeitszeiten, Abwesenheiten und Urlaub<\/strong><\/h3>\n<p>Um m\u00f6gliche Unklarheiten rund um die Themen Arbeitszeit, Abwesenheiten und Urlaub zu kl\u00e4ren und dadurch Streitigkeiten zu vermeiden haben wir verschiedene Punkte festgelegt:<\/p>\n<ul>\n<li>Was ist die w\u00f6chentliche Mindest- und H\u00f6chstarbeitszeit?<\/li>\n<li>Welche Pausenregelungen gelten?<\/li>\n<li>Wie kann die Arbeitszeit eingeteilt werden?<\/li>\n<\/ul>\n<p>M\u00f6gliche \u00dcberstunden sowie Urlaubsanspr\u00fcche regeln wir auf Grundlage des geltenden Arbeitsgesetzes.<\/p>\n<\/div><div class=\"fusion-clearfix\"><\/div><\/div><\/div><div class=\"fusion-layout-column fusion_builder_column fusion-builder-column-35 fusion_builder_column_1_1 1_1 fusion-one-full fusion-column-first fusion-column-last\" style=\"margin-top:0px;margin-bottom:0px;\"><div class=\"fusion-column-wrapper fusion-flex-column-wrapper-legacy\" style=\"background-position:left top;background-repeat:no-repeat;-webkit-background-size:cover;-moz-background-size:cover;-o-background-size:cover;background-size:cover;padding: 0px 0px 0px 0px;\"><div class=\"fusion-sep-clear\"><\/div><div class=\"fusion-separator fusion-full-width-sep\" style=\"margin-left: auto;margin-right: auto;margin-top:100px;margin-bottom:100px;width:100%;\"><\/div><div class=\"fusion-sep-clear\"><\/div><div class=\"fusion-clearfix\"><\/div><\/div><\/div><div class=\"fusion-layout-column fusion_builder_column fusion-builder-column-36 fusion_builder_column_1_2 1_2 fusion-one-half fusion-column-first\" style=\"width:50%;width:calc(50% - ( ( 4% ) * 0.5 ) );margin-right: 4%;margin-top:0px;margin-bottom:0px;\"><div class=\"fusion-column-wrapper fusion-flex-column-wrapper-legacy\" style=\"background-position:left top;background-repeat:no-repeat;-webkit-background-size:cover;-moz-background-size:cover;-o-background-size:cover;background-size:cover;padding: 0px 0px 0px 0px;\"><div class=\"fusion-text fusion-text-14\"><h3><strong>Compliance-Richtlinie zur Korruptionsvermeidung und Geldw\u00e4sche<\/strong><\/h3>\n<p>Ein gegenseitiges Vertrauen geh\u00f6rt zu den wichtigsten Prinzipien in unserer Gruppe!<\/p>\n<p>Wir verpflichten uns ein korruptionsfreies Umfeld zu schaffen und st\u00e4ndig zu pflegen. Wir definieren genau, wie ein korruptes Verhalten erkannt werden kann und vermitteln unserer Belegschaft, wie damit umzugehen ist. Wie die Konsequenzen f\u00fcr ein korruptes Verhalten ausfallen, sind in einem Regelwerk festgehalten und k\u00f6nnen jederzeit eingesehen werden.<\/p>\n<p>Die Vorgehensweise bei Annahme von Geschenken, Vorteilen und weiteren Zuwendungen wird im Unternehmen klar kommuniziert und dokumentiert. Feste Ansprechpartner innerhalb der Unternehmensgruppe k\u00f6nnen jederzeit befragt und zu Rat gezogen werden.<\/p>\n<p>Wir haben die Verantwortung f\u00fcr die Einhaltung des Geldw\u00e4schegesetzes (GwG) und legen fest, wie das Verhalten der Mitarbeiter im Umgang mit Risiken sein muss. Bei Neukunden pr\u00fcfen wir in Form eines Kundenantrags, ob alle angegebenen Daten korrekt sind und lassen uns dies best\u00e4tigen.<\/p>\n<\/div><div class=\"fusion-clearfix\"><\/div><\/div><\/div><div class=\"fusion-layout-column fusion_builder_column fusion-builder-column-37 fusion_builder_column_1_2 1_2 fusion-one-half fusion-column-last\" style=\"width:50%;width:calc(50% - ( ( 4% ) * 0.5 ) );margin-top:0px;margin-bottom:0px;\"><div class=\"fusion-column-wrapper fusion-flex-column-wrapper-legacy\" style=\"background-position:left top;background-repeat:no-repeat;-webkit-background-size:cover;-moz-background-size:cover;-o-background-size:cover;background-size:cover;padding: 0px 0px 0px 0px;\"><span class=\" fusion-imageframe imageframe-none imageframe-12 hover-type-none\"><img decoding=\"async\" width=\"1080\" height=\"1080\" title=\"12\" src=\"https:\/\/mobau-pro.de\/wp-content\/uploads\/2025\/06\/12.png\" alt class=\"img-responsive wp-image-3980\" srcset=\"https:\/\/mobau-pro.de\/wp-content\/uploads\/2025\/06\/12-200x200.png 200w, https:\/\/mobau-pro.de\/wp-content\/uploads\/2025\/06\/12-400x400.png 400w, https:\/\/mobau-pro.de\/wp-content\/uploads\/2025\/06\/12-600x600.png 600w, https:\/\/mobau-pro.de\/wp-content\/uploads\/2025\/06\/12-800x800.png 800w, https:\/\/mobau-pro.de\/wp-content\/uploads\/2025\/06\/12.png 1080w\" sizes=\"(max-width: 1051px) 100vw, 600px\" \/><\/span><div class=\"fusion-clearfix\"><\/div><\/div><\/div><div class=\"fusion-layout-column fusion_builder_column fusion-builder-column-38 fusion_builder_column_1_1 1_1 fusion-one-full fusion-column-first fusion-column-last\" style=\"margin-top:0px;margin-bottom:0px;\"><div class=\"fusion-column-wrapper fusion-flex-column-wrapper-legacy\" style=\"background-position:left top;background-repeat:no-repeat;-webkit-background-size:cover;-moz-background-size:cover;-o-background-size:cover;background-size:cover;padding: 0px 0px 0px 0px;\"><div class=\"fusion-sep-clear\"><\/div><div class=\"fusion-separator fusion-full-width-sep\" style=\"margin-left: auto;margin-right: auto;width:100%;\"><\/div><div class=\"fusion-sep-clear\"><\/div><div class=\"fusion-clearfix\"><\/div><\/div><\/div><\/div><\/div><\/p>\n","protected":false},"excerpt":{"rendered":"","protected":false},"author":1,"featured_media":0,"parent":0,"menu_order":0,"comment_status":"closed","ping_status":"closed","template":"100-width.php","meta":{"_acf_changed":false,"inline_featured_image":false,"_monsterinsights_skip_tracking":false,"_monsterinsights_sitenote_active":false,"_monsterinsights_sitenote_note":"","_monsterinsights_sitenote_category":0,"footnotes":""},"class_list":["post-2296","page","type-page","status-publish","hentry"],"acf":[],"yoast_head":"<!-- This site is optimized with the Yoast SEO plugin v26.7 - https:\/\/yoast.com\/wordpress\/plugins\/seo\/ -->\n<title>\u00dcber uns - Mobau Pro<\/title>\n<meta name=\"robots\" content=\"index, follow, max-snippet:-1, max-image-preview:large, max-video-preview:-1\" \/>\n<link rel=\"canonical\" href=\"https:\/\/mobau-pro.de\/index.php\/uberuns\/\" \/>\n<meta property=\"og:locale\" content=\"de_DE\" \/>\n<meta property=\"og:type\" content=\"article\" \/>\n<meta property=\"og:title\" content=\"\u00dcber uns - Mobau Pro\" \/>\n<meta property=\"og:url\" content=\"https:\/\/mobau-pro.de\/index.php\/uberuns\/\" \/>\n<meta property=\"og:site_name\" content=\"Mobau Pro\" \/>\n<meta property=\"article:modified_time\" content=\"2026-04-16T07:33:09+00:00\" \/>\n<meta name=\"twitter:card\" content=\"summary_large_image\" \/>\n<meta name=\"twitter:label1\" content=\"Gesch\u00e4tzte Lesezeit\" \/>\n\t<meta name=\"twitter:data1\" content=\"35\u00a0Minuten\" \/>\n<script type=\"application\/ld+json\" class=\"yoast-schema-graph\">{\"@context\":\"https:\/\/schema.org\",\"@graph\":[{\"@type\":\"WebPage\",\"@id\":\"https:\/\/mobau-pro.de\/index.php\/uberuns\/\",\"url\":\"https:\/\/mobau-pro.de\/index.php\/uberuns\/\",\"name\":\"\u00dcber uns - Mobau Pro\",\"isPartOf\":{\"@id\":\"https:\/\/mobau-pro.de\/#website\"},\"datePublished\":\"2019-12-19T12:23:22+00:00\",\"dateModified\":\"2026-04-16T07:33:09+00:00\",\"breadcrumb\":{\"@id\":\"https:\/\/mobau-pro.de\/index.php\/uberuns\/#breadcrumb\"},\"inLanguage\":\"de\",\"potentialAction\":[{\"@type\":\"ReadAction\",\"target\":[\"https:\/\/mobau-pro.de\/index.php\/uberuns\/\"]}]},{\"@type\":\"BreadcrumbList\",\"@id\":\"https:\/\/mobau-pro.de\/index.php\/uberuns\/#breadcrumb\",\"itemListElement\":[{\"@type\":\"ListItem\",\"position\":1,\"name\":\"Startseite\",\"item\":\"https:\/\/mobau-pro.de\/\"},{\"@type\":\"ListItem\",\"position\":2,\"name\":\"\u00dcber uns\"}]},{\"@type\":\"WebSite\",\"@id\":\"https:\/\/mobau-pro.de\/#website\",\"url\":\"https:\/\/mobau-pro.de\/\",\"name\":\"Mobau Pro\",\"description\":\"\",\"potentialAction\":[{\"@type\":\"SearchAction\",\"target\":{\"@type\":\"EntryPoint\",\"urlTemplate\":\"https:\/\/mobau-pro.de\/?s={search_term_string}\"},\"query-input\":{\"@type\":\"PropertyValueSpecification\",\"valueRequired\":true,\"valueName\":\"search_term_string\"}}],\"inLanguage\":\"de\"}]}<\/script>\n<!-- \/ Yoast SEO plugin. -->","yoast_head_json":{"title":"\u00dcber uns - Mobau Pro","robots":{"index":"index","follow":"follow","max-snippet":"max-snippet:-1","max-image-preview":"max-image-preview:large","max-video-preview":"max-video-preview:-1"},"canonical":"https:\/\/mobau-pro.de\/index.php\/uberuns\/","og_locale":"de_DE","og_type":"article","og_title":"\u00dcber uns - Mobau Pro","og_url":"https:\/\/mobau-pro.de\/index.php\/uberuns\/","og_site_name":"Mobau Pro","article_modified_time":"2026-04-16T07:33:09+00:00","twitter_card":"summary_large_image","twitter_misc":{"Gesch\u00e4tzte Lesezeit":"35\u00a0Minuten"},"schema":{"@context":"https:\/\/schema.org","@graph":[{"@type":"WebPage","@id":"https:\/\/mobau-pro.de\/index.php\/uberuns\/","url":"https:\/\/mobau-pro.de\/index.php\/uberuns\/","name":"\u00dcber uns - Mobau Pro","isPartOf":{"@id":"https:\/\/mobau-pro.de\/#website"},"datePublished":"2019-12-19T12:23:22+00:00","dateModified":"2026-04-16T07:33:09+00:00","breadcrumb":{"@id":"https:\/\/mobau-pro.de\/index.php\/uberuns\/#breadcrumb"},"inLanguage":"de","potentialAction":[{"@type":"ReadAction","target":["https:\/\/mobau-pro.de\/index.php\/uberuns\/"]}]},{"@type":"BreadcrumbList","@id":"https:\/\/mobau-pro.de\/index.php\/uberuns\/#breadcrumb","itemListElement":[{"@type":"ListItem","position":1,"name":"Startseite","item":"https:\/\/mobau-pro.de\/"},{"@type":"ListItem","position":2,"name":"\u00dcber uns"}]},{"@type":"WebSite","@id":"https:\/\/mobau-pro.de\/#website","url":"https:\/\/mobau-pro.de\/","name":"Mobau Pro","description":"","potentialAction":[{"@type":"SearchAction","target":{"@type":"EntryPoint","urlTemplate":"https:\/\/mobau-pro.de\/?s={search_term_string}"},"query-input":{"@type":"PropertyValueSpecification","valueRequired":true,"valueName":"search_term_string"}}],"inLanguage":"de"}]}},"_links":{"self":[{"href":"https:\/\/mobau-pro.de\/index.php\/wp-json\/wp\/v2\/pages\/2296","targetHints":{"allow":["GET"]}}],"collection":[{"href":"https:\/\/mobau-pro.de\/index.php\/wp-json\/wp\/v2\/pages"}],"about":[{"href":"https:\/\/mobau-pro.de\/index.php\/wp-json\/wp\/v2\/types\/page"}],"author":[{"embeddable":true,"href":"https:\/\/mobau-pro.de\/index.php\/wp-json\/wp\/v2\/users\/1"}],"replies":[{"embeddable":true,"href":"https:\/\/mobau-pro.de\/index.php\/wp-json\/wp\/v2\/comments?post=2296"}],"version-history":[{"count":97,"href":"https:\/\/mobau-pro.de\/index.php\/wp-json\/wp\/v2\/pages\/2296\/revisions"}],"predecessor-version":[{"id":3990,"href":"https:\/\/mobau-pro.de\/index.php\/wp-json\/wp\/v2\/pages\/2296\/revisions\/3990"}],"wp:attachment":[{"href":"https:\/\/mobau-pro.de\/index.php\/wp-json\/wp\/v2\/media?parent=2296"}],"curies":[{"name":"wp","href":"https:\/\/api.w.org\/{rel}","templated":true}]}}